{"id":11229,"date":"2022-04-21T12:48:52","date_gmt":"2022-04-21T10:48:52","guid":{"rendered":"https:\/\/www.polentavalsugana.it\/privacy-policy\/"},"modified":"2023-03-29T18:35:19","modified_gmt":"2023-03-29T16:35:19","slug":"politica-de-privacidad","status":"publish","type":"page","link":"https:\/\/www.polentavalsugana.it\/es\/politica-de-privacidad\/","title":{"rendered":"Pol\u00edtica de privacidad"},"content":{"rendered":"\n<div class=\"wp-block-group container\"><div class=\"wp-block-group__inner-container is-layout-flow wp-block-group-is-layout-flow\">\n<section id=\"acf-block-642468c4ea7f1\" class=\"spacing-block spacing-m spacing\"><\/section>\n\n\n<h1 class=\"has-text-align-center has-font-xl-font-size wp-block-heading\"><strong>POL\u00cdTICA DE PRIVACIDAD<\/strong><\/h1>\n\n\n\n<section id=\"acf-block-642468c4ea81f\" class=\"spacing-block spacing-m spacing\"><\/section>\n\n\n<p class=\"container-fluid\">Bonomelli S.r.l., con domicilio social en Via Enrico Mattei 6, Zola Predosa, Bolonia, Italia (en adelante, \u00ab<strong>Bonomelli<\/strong>\u00bb), empresa que forma parte del Gruppo Montenegro, en calidad de responsable del tratamiento, desea informar a los usuarios (en adelante, los \u00ab<strong>Usuarios<\/strong>\u00bb) del sitio web www.bonomelli.it (en adelante, el \u00ab<strong>Sitio web<\/strong>\u00bb) sobre c\u00f3mo Bonomelli procesar\u00e1 sus datos personales, de conformidad con el Decreto Legislativo n.\u00ba 196\/2003 y sus modificaciones posteriores (en adelante, el \u00ab<strong>C\u00f3digo de Privacidad<\/strong>\u00bb) y con el nuevo Reglamento Europeo n.\u00ba 679\/2016 en materia de protecci\u00f3n de datos personales (en adelante, el \u00ab<strong>Reglamento de Privacidad<\/strong>\u00bb).<\/p>\n\n\n\n<p class=\"container-fluid\">1.<strong> Responsable y encargados del tratamiento<\/strong><\/p>\n\n\n\n<p class=\"container-fluid\">El responsable del tratamiento es Bonomelli S.r.l., empresa perteneciente al Gruppo Montenegro, con domicilio social en Via Enrico Mattei 6, Zola Predosa, Bolonia, Italia, con la que se puede poner en contacto a trav\u00e9s de la siguiente direcci\u00f3n de correo electr\u00f3nico: <a href=\"mailto:privacy.montenegrocorporate@montenegro.it\">privacy.montenegrocorporate@montenegro.it<\/a>. Bonomelli ha designado como encargado del tratamiento de los datos personales a Jinglebell S.r.l, entre otros. La lista completa de los encargados del tratamiento est\u00e1 disponible previa solicitud por escrito enviada a la direcci\u00f3n de correo electr\u00f3nico anteriormente indicada.<\/p>\n\n\n\n<p class=\"container-fluid\">2.&nbsp;<strong>Datos personales recogidos<\/strong>:<\/p>\n\n\n\n<p class=\"container-fluid\">Bonomelli trata los datos proporcionados por los usuarios, incluidos:<br>a) los datos personales (nombre, apellidos, fecha de nacimiento, sexo) y de contacto facilitados en el momento del registro en el Sitio web;<br>b) los datos facilitados en caso de solicitud de informaci\u00f3n y asistencia;<br>c) los datos de navegaci\u00f3n referentes al uso de los servicios ofrecidos a trav\u00e9s del Sitio web recogidos a trav\u00e9s de <em>cookies<\/em>, de conformidad con la pol\u00edtica de <em>cookies<\/em> disponible en el siguiente enlace <a href=\"http:\/\/www.bonomelli.it\/cookie\">http:\/\/www.bonomelli.it\/cookie;<br><\/a>d) los datos proporcionados y recogidos a efectos y en el marco de las posibles participaciones en concursos y\/o sorteos realizados en l\u00ednea por Bonomelli, entendi\u00e9ndose que, en dicho caso, esta nota informativa se considerar\u00e1 complementada por la nota informativa que reglamenta el tratamiento de datos personales para los concursos y\/o sorteos correspondientes.<\/p>\n\n\n\n<p class=\"container-fluid\">Si el Usuario se registra en el Sitio web a trav\u00e9s de Facebook, Bonomelli tratar\u00e1 los siguientes datos recogidos a trav\u00e9s de Facebook: ID de usuario y\/o nombre de usuario asociado a Facebook y un enlace al perfil del Usuario. Si no desea que estos datos sean compartidos con Bonomelli, deber\u00e1 registrarse manualmente en el Sitio web. No se trata ning\u00fan dato de salud ni, en general, las categor\u00edas especiales de datos personales de conformidad con el art\u00edculo 9 del Reglamento de Privacidad. Los datos de los menores de edad se tratar\u00e1n como se describe en el apartado 8 siguiente. Los datos arriba mencionados se tratan solo en la medida en que son necesarios para lograr las finalidades descritas en el apartado 4 de esta Pol\u00edtica de Privacidad.<\/p>\n\n\n\n<p class=\"container-fluid\">3.&nbsp;<strong>Modalidades de tratamiento de datos.<\/strong><\/p>\n\n\n\n<p class=\"container-fluid\">Los datos personales del Usuario se tratan con la ayuda de medios inform\u00e1ticos y\/o impresos y est\u00e1n protegidos por medidas de seguridad adecuadas para garantizar la confidencialidad y la seguridad de los datos personales. En particular, Bonomelli adopta las medidas organizativas y t\u00e9cnicas adecuadas para proteger los datos personales en su poder contra la p\u00e9rdida y el robo, as\u00ed como contra el uso, la divulgaci\u00f3n o la modificaci\u00f3n no autorizados de los datos personales.<\/p>\n\n\n\n<p class=\"container-fluid\">4.&nbsp;<strong>Finalidad del tratamiento<\/strong><\/p>\n\n\n\n<p class=\"container-fluid\">Las finalidades para las que se solicita al Usuario que facilite sus datos personales a Bonomelli son las siguientes:<\/p>\n\n\n\n<p class=\"container-fluid\">a) permitir que el Usuario se registre en el Sitio web y se beneficie de los servicios puestos a disposici\u00f3n a trav\u00e9s del Sitio web, incluidos los servicios de asistencia y\/o de notificaci\u00f3n a clientes puestos a disposici\u00f3n a trav\u00e9s del Sitio web, la posibilidad de participar en eventos con premios y de solicitar vales de descuento, de enviar solicitudes de empleo a trav\u00e9s del Sitio web y de hacer valer y defender los derechos del Usuario y de terceros (en adelante denominados conjuntamente \u00ab<strong>Finalidades contractuales<\/strong>\u00bb);<\/p>\n\n\n\n<p class=\"container-fluid\">b) cumplir con las obligaciones legales y reglamentarias (en adelante denominadas conjuntamente \u00ab<strong>Finalidades legales<\/strong>\u00bb);<\/p>\n\n\n\n<p class=\"container-fluid\">c) con el consentimiento previo del Usuario, enviar boletines informativos y comunicaciones comerciales a trav\u00e9s de medios de comunicaci\u00f3n tradicionales y por correo electr\u00f3nico, para la promoci\u00f3n y\/o venta de productos y\/o servicios comercializados por Bonomelli (en adelante, \u00ab<strong>Finalidades de marketing de Bonomelli<\/strong>\u00bb);<\/p>\n\n\n\n<p class=\"container-fluid\">d) con el consentimiento previo del Usuario, enviar comunicaciones de marketing de parte de otras empresas del Gruppo Montenegro relacionadas con sus productos y servicios, en la forma que se indica en el punto c) anterior (\u00ab<strong>Finalidades de marketing de terceros<\/strong>\u00bb);<\/p>\n\n\n\n<p class=\"container-fluid\">e) llevar a cabo actividades relativas a cesiones de empresa y de ramos de empresa, adquisiciones, fusiones, escisiones u otras transformaciones y para la ejecuci\u00f3n de dichas operaciones (\u00ab<strong>Finalidades de inter\u00e9s comercial leg\u00edtimo<\/strong>\u00bb).<\/p>\n\n\n\n<p class=\"container-fluid\">5.&nbsp;<strong>Fundamento jur\u00eddico del tratamiento<\/strong><\/p>\n\n\n\n<p class=\"container-fluid\">El tratamiento de los datos personales para las finalidades contractuales es obligatorio, dado que es necesario para registrarse en el Sitio web y para el uso de los servicios espec\u00edficos ofrecidos a trav\u00e9s del Sitio web. La comunicaci\u00f3n de los datos personales para las Finalidades legales es obligatoria, dado que as\u00ed lo exigen las leyes aplicables. Si el Usuario no desea que sus datos personales sean tratados para estas finalidades, no podr\u00e1 utilizar el Sitio web ni los servicios que se ofrecen a trav\u00e9s del mismo. El tratamiento de los datos personales para finalidades de marketing de Bonomelli y de marketing de terceros es opcional y est\u00e1 sujeto al consentimiento previo del Usuario. Si el Usuario no da su consentimiento para el tratamiento, Bonomelli y las empresas del Gruppo Montenegro no podr\u00e1n informar al Usuario sobre nuevos productos o servicios, promociones, ofertas, ni podr\u00e1n enviarle comunicaciones u otro material informativo. El tratamiento para las Finalidades de inter\u00e9s comercial leg\u00edtimo se lleva a cabo de conformidad con el art\u00edculo 24, punto 1, letra d) del C\u00f3digo de Privacidad y para perseguir el inter\u00e9s leg\u00edtimo de Bonomelli y de sus hom\u00f3logos en el desarrollo de las operaciones econ\u00f3micas indicadas, de conformidad con el art\u00edculo 6, letra f) del Reglamento de Privacidad y debidamente en consonancia con los intereses del Usuario, dado que el tratamiento se lleva a cabo dentro de los l\u00edmites estrictamente necesarios para la ejecuci\u00f3n de dichas operaciones. Lo anterior sin perjuicio de la posibilidad de que el Usuario se oponga al tratamiento para dichos fines, de conformidad con lo establecido en el apartado 9 de la Pol\u00edtica de Privacidad.<\/p>\n\n\n\n<p class=\"container-fluid\">6.&nbsp;<strong>\u00c1mbito de la comunicaci\u00f3n y la difusi\u00f3n de los datos<\/strong><\/p>\n\n\n\n<p class=\"container-fluid\">Para las finalidades previstas en el apartado 4, Bonomelli podr\u00e1 comunicar los datos de los Usuarios que sean estrictamente necesarios para cada tipo de tratamiento, a las siguientes categor\u00edas de sujetos:<br>a) a los colaboradores, empleados y proveedores de Bonomelli, en el \u00e1mbito de sus funciones y\/o posibles obligaciones contractuales, inherentes a las relaciones comerciales con los Usuarios;<br>b) a los subproveedores y\/o subcontratistas que realicen actividades relacionadas con la prestaci\u00f3n de los servicios y productos ofrecidos por Bonomelli;<br>c) a otras empresas del Gruppo Montenegro;<\/p>\n\n\n\n<p class=\"container-fluid\">No se difundir\u00e1n los datos personales del Usuario.<\/p>\n\n\n\n<p class=\"container-fluid\">7.&nbsp;<strong>Transferencia de los datos personales al extranjero<\/strong><\/p>\n\n\n\n<p class=\"container-fluid\">Los datos personales se podr\u00e1n transferir libremente fuera del territorio nacional a pa\u00edses de la Uni\u00f3n Europea, pero tambi\u00e9n se podr\u00edan transferir fuera de la Uni\u00f3n Europea y, en particular, a Estados Unidos. La posible transferencia de los datos personales del Usuario a pa\u00edses de fuera de la Uni\u00f3n Europea se realizar\u00e1, en todo caso, respetando las garant\u00edas apropiadas y adecuadas a los fines de la transferencia, de acuerdo con la normativa aplicable y, en particular, con el art\u00edculo 44 del C\u00f3digo de Privacidad y los art\u00edculos 45 y 46 del Reglamento de Privacidad. El usuario puede obtener una copia de las garant\u00edas implementadas por Montenegro enviando una solicitud a la direcci\u00f3n de correo electr\u00f3nico <a href=\"mailto:privacy.montenegrocorporate@montenegro.it\">privacy.montenegrocorporate@montenegro.it.<\/a><\/p>\n\n\n\n<p class=\"container-fluid\">8.&nbsp;<strong>Menores de 16 a\u00f1os<\/strong><\/p>\n\n\n\n<p class=\"container-fluid\">El Sitio ofrece servicios que tambi\u00e9n pueden ser utilizados por menores de 16 a\u00f1os. En estos casos, Bonomelli recoge y trata los datos personales de los menores exclusivamente para las finalidades y con las modalidades que se indican en esta pol\u00edtica de privacidad, en cumplimiento de las normas sobre el tratamiento de datos personales de los menores establecidas en el art. 8 del Reglamento de Privacidad y con el consentimiento previo del padre y\/o tutor y\/o persona que le represente, cuyos datos solo se podr\u00e1n recoger para obtener dicho consentimiento seg\u00fan las modalidades establecidas en el Sitio web.<\/p>\n\n\n\n<p class=\"container-fluid\">9.&nbsp;<strong>Derechos de los usuarios<\/strong><\/p>\n\n\n\n<p class=\"container-fluid\">El usuario puede, en cualquier momento y de forma gratuita (a) conocer si existen o no sus datos y acceder a informaci\u00f3n sobre el tratamiento; (b) conocer del origen de los datos, las finalidades del tratamiento y de sus modalidades, as\u00ed como la l\u00f3gica aplicada al tratamiento efectuado con medios electr\u00f3nicos; (c) solicitar la actualizaci\u00f3n, la rectificaci\u00f3n o \u2014si est\u00e1 interesado\u2014 la integraci\u00f3n de sus datos; (d) obtener la supresi\u00f3n, la transformaci\u00f3n en forma an\u00f3nima o el bloqueo de los datos que se hubieran tratado en violaci\u00f3n de la ley, as\u00ed como oponerse, por motivos leg\u00edtimos, al tratamiento; (e) oponerse, completamente o en parte, al tratamiento de los datos que le conciernen para finalidades de marketing directo efectuado con m\u00e9todos automatizados y\/o tradicionales; (f) revocar, en cualquier momento, el consentimiento al tratamiento de los datos, sin perjuicio de la licitud del tratamiento basada en el consentimiento dado antes de la revocaci\u00f3n. Adem\u00e1s de los derechos arriba citados, con efecto a partir del 25 de mayo de 2018, el Usuario puede en cualquier momento, de acuerdo con las modalidades que se indican a continuaci\u00f3n, (a) solicitar la limitaci\u00f3n del tratamiento de los datos personales en caso de que (i) el interesado ponga en duda la exactitud de los datos personales, durante el periodo necesario para comprobar la exactitud de dichos datos personales; (ii) el tratamiento sea ilegal y el usuario se oponga a la supresi\u00f3n de los datos personales y solicite en su lugar que se limite su uso; (iii) aunque Bonomelli ya no necesite los datos personales para el tratamiento, dichos datos son necesarios para que el usuario compruebe, ejerza o defienda un derecho en sede judicial; (iv) el usuario se ha opuesto al tratamiento de conformidad con el art. 21, apartado 1 del Reglamento de Privacidad a la espera de que se verifique si los motivos leg\u00edtimos del responsable del tratamiento prevalecen sobre los del interesado; (b) oponerse en cualquier momento al tratamiento de sus datos personales; (c) solicitar la supresi\u00f3n de sus datos personales sin retraso injustificado; (d) obtener la portabilidad de sus datos personales; (e) presentar una reclamaci\u00f3n ante la Autoridad de Protecci\u00f3n de Datos si concurren las condiciones para ello. El usuario podr\u00e1 en todo momento ejercer los derechos arriba citados, modificar las modalidades de contacto, comunicar a Bonomelli la actualizaci\u00f3n de sus datos, solicitar la eliminaci\u00f3n de sus datos personales comunicados por terceros y, para obtener m\u00e1s informaci\u00f3n sobre el uso que Bonomelli hace de sus datos personales, ponerse en contacto con Bonomelli a la direcci\u00f3n <a href=\"mailto:privacy.montenegrocorporate@montenegro.it\">privacy.montenegrocorporate@montenegro.it<\/a>.<\/p>\n\n\n\n<p class=\"container-fluid\"><strong>10.&nbsp;Plazos de conservaci\u00f3n<\/strong><\/p>\n\n\n\n<p class=\"container-fluid\">Bonomelli tratar\u00e1 los datos personales durante el tiempo necesario para cumplir las finalidades para los que se recogieron de acuerdo con el apartado 2 anterior. En cualquier caso, se aplicar\u00e1n los siguientes plazos de conservaci\u00f3n al tratamiento de los datos personales para las finalidades que se indican a continuaci\u00f3n: -los datos recogidos para las Finalidades contractuales indicadas en el apartado 4, letra a) se conservar\u00e1n mientras dure el contrato y durante los 10 a\u00f1os siguientes al vencimiento del mismo, para fines de defensa y\/o para hacer valer un derecho de Bonomelli en sede judicial y\/o extrajudicial en caso de litigios relacionados con la ejecuci\u00f3n del contrato;<\/p>\n\n\n\n<p class=\"container-fluid\">-los datos recogidos para las Finalidades legales indicadas en el apartado 4, letra b), se conservar\u00e1n durante un periodo de tiempo igual a la duraci\u00f3n establecida por la ley para cada tipo de datos;<\/p>\n\n\n\n<p class=\"container-fluid\">-los datos recogidos para las Finalidades de marketing de Bonomelli indicadas en el apartado 4, letra c) se conservar\u00e1n mientras dure el registro del Usuario en el Sitio web y\/o la participaci\u00f3n en el concurso, as\u00ed como durante los dos a\u00f1os siguientes al fin, a la desactivaci\u00f3n y\/o a la cancelaci\u00f3n de los mismos.<\/p>\n\n\n\n<p class=\"container-fluid\">-los datos recogidos para las Finalidades de marketing de terceros indicadas en el apartado 4, letra d) se conservar\u00e1n durante un periodo de tiempo de 12 meses despu\u00e9s de su recogida;<\/p>\n\n\n\n<p class=\"container-fluid\">-los datos recogidos para las Finalidades de inter\u00e9s comercial leg\u00edtimo indicadas en el apartado 4, letra e) se conservar\u00e1n durante un periodo de tiempo de 10 a\u00f1os desde el momento de su recogida.<\/p>\n\n\n\n<p class=\"container-fluid\">Una vez transcurridos los plazos de tiempo arriba indicados, los datos del Usuario podr\u00e1n ser eliminados, anonimizados y\/o agregados.<\/p>\n\n\n\n<p class=\"container-fluid\">11.&nbsp;<strong>Cambios y actualizaciones<\/strong><\/p>\n\n\n\n<p class=\"container-fluid\">La presente pol\u00edtica de privacidad es v\u00e1lida a partir de la fecha de su publicaci\u00f3n. Bonomelli podr\u00e1 aportar cambios y\/o integraciones, tambi\u00e9n a causa de posibles cambios y\/o integraciones al Reglamento de Privacidad que se produzcan posteriormente. Los cambios se notificar\u00e1n con antelaci\u00f3n y podr\u00e1 ver el texto de la pol\u00edtica de privacidad constantemente actualizada en el enlace www.bonomelli.it. Si tiene alguna duda, observaci\u00f3n o queja sobre la modalidad de recogida o sobre el uso de sus datos personales, le rogamos que se ponga en contacto con Bonomelli a trav\u00e9s de la secci\u00f3n \u00abContacto\u00bb de su Sitio web.<\/p>\n<\/div><\/div>\n","protected":false},"excerpt":{"rendered":"<p>POL\u00cdTICA DE PRIVACIDAD Bonomelli S.r.l., con domicilio social en Via Enrico Mattei 6, Zola Predosa, Bolonia, Italia (en adelante, \u00abBonomelli\u00bb), empresa que forma parte del Gruppo Montenegro, en calidad de responsable del tratamiento, desea informar a los usuarios (en adelante, los \u00abUsuarios\u00bb) del sitio web www.bonomelli.it (en adelante, el \u00abSitio web\u00bb) sobre c\u00f3mo Bonomelli procesar\u00e1 [&hellip;]<\/p>\n","protected":false},"author":7,"featured_media":0,"parent":0,"menu_order":0,"comment_status":"closed","ping_status":"closed","template":"","meta":{"_acf_changed":false,"footnotes":""},"class_list":["post-11229","page","type-page","status-publish","hentry"],"acf":[],"yoast_head":"<!-- This site is optimized with the Yoast SEO plugin v25.3.1 - https:\/\/yoast.com\/wordpress\/plugins\/seo\/ -->\n<title>Pol\u00edtica de privacidad - Polenta Valsugana<\/title>\n<meta name=\"robots\" content=\"index, follow, max-snippet:-1, max-image-preview:large, max-video-preview:-1\" \/>\n<link rel=\"canonical\" href=\"https:\/\/www.polentavalsugana.it\/es\/politica-de-privacidad\/\" \/>\n<meta property=\"og:locale\" content=\"es_ES\" \/>\n<meta property=\"og:type\" content=\"article\" \/>\n<meta property=\"og:title\" content=\"Pol\u00edtica de privacidad - Polenta Valsugana\" \/>\n<meta property=\"og:description\" content=\"POL\u00cdTICA DE PRIVACIDAD Bonomelli S.r.l., con domicilio social en Via Enrico Mattei 6, Zola Predosa, Bolonia, Italia (en adelante, \u00abBonomelli\u00bb), empresa que forma parte del Gruppo Montenegro, en calidad de responsable del tratamiento, desea informar a los usuarios (en adelante, los \u00abUsuarios\u00bb) del sitio web www.bonomelli.it (en adelante, el \u00abSitio web\u00bb) sobre c\u00f3mo Bonomelli procesar\u00e1 [&hellip;]\" \/>\n<meta property=\"og:url\" content=\"https:\/\/www.polentavalsugana.it\/es\/politica-de-privacidad\/\" \/>\n<meta property=\"og:site_name\" content=\"Polenta Valsugana\" \/>\n<meta property=\"article:modified_time\" content=\"2023-03-29T16:35:19+00:00\" \/>\n<meta name=\"twitter:card\" content=\"summary_large_image\" \/>\n<meta name=\"twitter:label1\" content=\"Tiempo de lectura\" \/>\n\t<meta name=\"twitter:data1\" content=\"10 minutos\" \/>\n<script type=\"application\/ld+json\" class=\"yoast-schema-graph\">{\"@context\":\"https:\/\/schema.org\",\"@graph\":[{\"@type\":\"WebPage\",\"@id\":\"https:\/\/www.polentavalsugana.it\/es\/politica-de-privacidad\/\",\"url\":\"https:\/\/www.polentavalsugana.it\/es\/politica-de-privacidad\/\",\"name\":\"Pol\u00edtica de privacidad - Polenta Valsugana\",\"isPartOf\":{\"@id\":\"https:\/\/www.polentavalsugana.it\/es\/#website\"},\"datePublished\":\"2022-04-21T10:48:52+00:00\",\"dateModified\":\"2023-03-29T16:35:19+00:00\",\"inLanguage\":\"es\",\"potentialAction\":[{\"@type\":\"ReadAction\",\"target\":[\"https:\/\/www.polentavalsugana.it\/es\/politica-de-privacidad\/\"]}]},{\"@type\":\"WebSite\",\"@id\":\"https:\/\/www.polentavalsugana.it\/es\/#website\",\"url\":\"https:\/\/www.polentavalsugana.it\/es\/\",\"name\":\"Polenta Valsugana\",\"description\":\"\",\"publisher\":{\"@id\":\"https:\/\/www.polentavalsugana.it\/es\/#organization\"},\"potentialAction\":[{\"@type\":\"SearchAction\",\"target\":{\"@type\":\"EntryPoint\",\"urlTemplate\":\"https:\/\/www.polentavalsugana.it\/es\/?s={search_term_string}\"},\"query-input\":{\"@type\":\"PropertyValueSpecification\",\"valueRequired\":true,\"valueName\":\"search_term_string\"}}],\"inLanguage\":\"es\"},{\"@type\":\"Organization\",\"@id\":\"https:\/\/www.polentavalsugana.it\/es\/#organization\",\"name\":\"Polenta Valsugana\",\"url\":\"https:\/\/www.polentavalsugana.it\/es\/\",\"logo\":{\"@type\":\"ImageObject\",\"inLanguage\":\"es\",\"@id\":\"https:\/\/www.polentavalsugana.it\/es\/#\/schema\/logo\/image\/\",\"url\":\"https:\/\/www.polentavalsugana.it\/wp-content\/uploads\/2022\/04\/Group-7.png\",\"contentUrl\":\"https:\/\/www.polentavalsugana.it\/wp-content\/uploads\/2022\/04\/Group-7.png\",\"width\":104,\"height\":56,\"caption\":\"Polenta Valsugana\"},\"image\":{\"@id\":\"https:\/\/www.polentavalsugana.it\/es\/#\/schema\/logo\/image\/\"}}]}<\/script>\n<!-- \/ Yoast SEO plugin. -->","yoast_head_json":{"title":"Pol\u00edtica de privacidad - Polenta Valsugana","robots":{"index":"index","follow":"follow","max-snippet":"max-snippet:-1","max-image-preview":"max-image-preview:large","max-video-preview":"max-video-preview:-1"},"canonical":"https:\/\/www.polentavalsugana.it\/es\/politica-de-privacidad\/","og_locale":"es_ES","og_type":"article","og_title":"Pol\u00edtica de privacidad - Polenta Valsugana","og_description":"POL\u00cdTICA DE PRIVACIDAD Bonomelli S.r.l., con domicilio social en Via Enrico Mattei 6, Zola Predosa, Bolonia, Italia (en adelante, \u00abBonomelli\u00bb), empresa que forma parte del Gruppo Montenegro, en calidad de responsable del tratamiento, desea informar a los usuarios (en adelante, los \u00abUsuarios\u00bb) del sitio web www.bonomelli.it (en adelante, el \u00abSitio web\u00bb) sobre c\u00f3mo Bonomelli procesar\u00e1 [&hellip;]","og_url":"https:\/\/www.polentavalsugana.it\/es\/politica-de-privacidad\/","og_site_name":"Polenta Valsugana","article_modified_time":"2023-03-29T16:35:19+00:00","twitter_card":"summary_large_image","twitter_misc":{"Tiempo de lectura":"10 minutos"},"schema":{"@context":"https:\/\/schema.org","@graph":[{"@type":"WebPage","@id":"https:\/\/www.polentavalsugana.it\/es\/politica-de-privacidad\/","url":"https:\/\/www.polentavalsugana.it\/es\/politica-de-privacidad\/","name":"Pol\u00edtica de privacidad - Polenta Valsugana","isPartOf":{"@id":"https:\/\/www.polentavalsugana.it\/es\/#website"},"datePublished":"2022-04-21T10:48:52+00:00","dateModified":"2023-03-29T16:35:19+00:00","inLanguage":"es","potentialAction":[{"@type":"ReadAction","target":["https:\/\/www.polentavalsugana.it\/es\/politica-de-privacidad\/"]}]},{"@type":"WebSite","@id":"https:\/\/www.polentavalsugana.it\/es\/#website","url":"https:\/\/www.polentavalsugana.it\/es\/","name":"Polenta Valsugana","description":"","publisher":{"@id":"https:\/\/www.polentavalsugana.it\/es\/#organization"},"potentialAction":[{"@type":"SearchAction","target":{"@type":"EntryPoint","urlTemplate":"https:\/\/www.polentavalsugana.it\/es\/?s={search_term_string}"},"query-input":{"@type":"PropertyValueSpecification","valueRequired":true,"valueName":"search_term_string"}}],"inLanguage":"es"},{"@type":"Organization","@id":"https:\/\/www.polentavalsugana.it\/es\/#organization","name":"Polenta Valsugana","url":"https:\/\/www.polentavalsugana.it\/es\/","logo":{"@type":"ImageObject","inLanguage":"es","@id":"https:\/\/www.polentavalsugana.it\/es\/#\/schema\/logo\/image\/","url":"https:\/\/www.polentavalsugana.it\/wp-content\/uploads\/2022\/04\/Group-7.png","contentUrl":"https:\/\/www.polentavalsugana.it\/wp-content\/uploads\/2022\/04\/Group-7.png","width":104,"height":56,"caption":"Polenta Valsugana"},"image":{"@id":"https:\/\/www.polentavalsugana.it\/es\/#\/schema\/logo\/image\/"}}]}},"_links":{"self":[{"href":"https:\/\/www.polentavalsugana.it\/es\/wp-json\/wp\/v2\/pages\/11229","targetHints":{"allow":["GET"]}}],"collection":[{"href":"https:\/\/www.polentavalsugana.it\/es\/wp-json\/wp\/v2\/pages"}],"about":[{"href":"https:\/\/www.polentavalsugana.it\/es\/wp-json\/wp\/v2\/types\/page"}],"author":[{"embeddable":true,"href":"https:\/\/www.polentavalsugana.it\/es\/wp-json\/wp\/v2\/users\/7"}],"replies":[{"embeddable":true,"href":"https:\/\/www.polentavalsugana.it\/es\/wp-json\/wp\/v2\/comments?post=11229"}],"version-history":[{"count":5,"href":"https:\/\/www.polentavalsugana.it\/es\/wp-json\/wp\/v2\/pages\/11229\/revisions"}],"predecessor-version":[{"id":11264,"href":"https:\/\/www.polentavalsugana.it\/es\/wp-json\/wp\/v2\/pages\/11229\/revisions\/11264"}],"wp:attachment":[{"href":"https:\/\/www.polentavalsugana.it\/es\/wp-json\/wp\/v2\/media?parent=11229"}],"curies":[{"name":"wp","href":"https:\/\/api.w.org\/{rel}","templated":true}]}}